{"id":1990,"date":"2024-03-10T09:00:50","date_gmt":"2024-03-10T08:00:50","guid":{"rendered":"https:\/\/www.cuprumfoma.it\/portfolio-items\/verghe-semidure-in-rame-per-condizionamento-e-refrigerazione\/"},"modified":"2025-07-18T17:08:43","modified_gmt":"2025-07-18T15:08:43","slug":"verghe-semidure-in-rame-per-condizionamento-e-refrigerazione","status":"publish","type":"avada_portfolio","link":"https:\/\/www.cuprumfoma.it\/es\/tubos-en-cobre-para-aire-acondicionado-y-refrigeracion\/largos-semiduros\/","title":{"rendered":"Largos semiduros para aire acondicionado y refrigeraci\u00f3n"},"content":{"rendered":"<div class=\"fusion-fullwidth fullwidth-box fusion-builder-row-1 fusion-flex-container has-pattern-background has-mask-background nonhundred-percent-fullwidth non-hundred-percent-height-scrolling\" style=\"--awb-border-radius-top-left:0px;--awb-border-radius-top-right:0px;--awb-border-radius-bottom-right:0px;--awb-border-radius-bottom-left:0px;--awb-flex-wrap:wrap;\" ><div class=\"fusion-builder-row fusion-row fusion-flex-align-items-flex-start fusion-flex-content-wrap\" style=\"max-width:1476.8px;margin-left: calc(-4% \/ 2 );margin-right: calc(-4% \/ 2 );\"><div class=\"fusion-layout-column fusion_builder_column fusion-builder-column-0 fusion_builder_column_1_1 1_1 fusion-flex-column\" style=\"--awb-bg-size:cover;--awb-width-large:100%;--awb-margin-top-large:0px;--awb-spacing-right-large:1.92%;--awb-margin-bottom-large:20px;--awb-spacing-left-large:1.92%;--awb-width-medium:100%;--awb-order-medium:0;--awb-spacing-right-medium:1.92%;--awb-spacing-left-medium:1.92%;--awb-width-small:100%;--awb-order-small:0;--awb-spacing-right-small:1.92%;--awb-spacing-left-small:1.92%;\"><div class=\"fusion-column-wrapper fusion-column-has-shadow fusion-flex-justify-content-flex-start fusion-content-layout-column\"><div class=\"fusion-text fusion-text-1\"><p>El tubo de cobre <strong>CUPRUMFOMA FROSTEN<\/strong> puede utilizarse en las instalaciones de aire acondicionado y refrigeraci\u00f3n y es adecuado para la utilizaci\u00f3n con todos los gases refrigerantes compatibles con el cobre como R 407, R 410 A y R32.<\/p>\n<p>El control en linea de producci\u00f3n por medio de defectomat y el control constante del di\u00e1metro exterior y del espesor garantizan la m\u00e1xima seguridad del tubo FROSTEN. Los tubos se entregan limpios, sin grasas internas y cerrados en las extremidades. Est\u00e1n producidos conformemente a las normas EN 12735-1 y -2 y responden tambi\u00e9n a las normas ASTM B280.<\/p>\n<\/div><div class=\"table-container\">\n        <table class=\"responsive-table tabella-3\">\n            <thead>\n                <tr>\n                    <th colspan=\"6\">Gama productiva de largos duros FrostEn* seg\u00fan norma EN 12735<\/th>\n                <\/tr>\n                <tr>\n                    <th>Dimensiones d.e. (mm)<\/th>\n                    <th>Dimensiones d.e. X esp. (mm)<\/th>\n                    <th>Longitud largos (m)<\/th>\n                    <th>Largos por fardo peque\u00f1o (nr)<\/th>\n                    <th>Metros por fardo (m)<\/th>\n                    <th>Peso por fardo (kg)<\/th>\n                <\/tr>\n            <\/thead>\n            <tbody>\n                <tr>\n                    <th data-label=\"Dimensiones d.e. (mm): \">12<\/th>\n                    <td data-label=\"Dimensiones d.e. X esp. (mm): \">1<\/td>\n                    <td data-label=\"Longitud largos (m): \">5<\/td>\n                    <td data-label=\"Largos por fardo peque\u00f1o (nr): \">20<\/td>\n                    <td data-label=\"Metros por fardo (m): \">1000<\/td>\n                    <td data-label=\"Peso por fardo (kg): \">150 ca.<\/td>\n                <\/tr>\n                <tr>\n                    <th data-label=\"Dimensiones d.e. (mm): \">14<\/th>\n                    <td data-label=\"Dimensiones d.e. X esp. (mm): \">1<\/td>\n                    <td data-label=\"Longitud largos (m): \">5<\/td>\n                    <td data-label=\"Largos por fardo peque\u00f1o (nr): \">20<\/td>\n                    <td data-label=\"Metros por fardo (m): \">1500<\/td>\n                    <td data-label=\"Peso por fardo (kg): \">550 ca.<\/td>\n                <\/tr>\n                <tr>\n                    <th data-label=\"Dimensiones d.e. (mm): \">15<\/th>\n                    <td data-label=\"Dimensiones d.e. X esp. (mm): \">1<\/td>\n                    <td data-label=\"Longitud largos (m): \">5<\/td>\n                    <td data-label=\"Largos por fardo peque\u00f1o (nr): \">20<\/td>\n                    <td data-label=\"Metros por fardo (m): \">1500<\/td>\n                    <td data-label=\"Peso por fardo (kg): \">580 ca.<\/td>\n                <\/tr>\n                <tr>\n                    <th data-label=\"Dimensiones d.e. (mm): \">16<\/th>\n                    <td data-label=\"Dimensiones d.e. X esp. (mm): \">1<\/td>\n                    <td data-label=\"Longitud largos (m): \">5<\/td>\n                    <td data-label=\"Largos por fardo peque\u00f1o (nr): \">20<\/td>\n                    <td data-label=\"Metros por fardo (m): \">1300<\/td>\n                    <td data-label=\"Peso por fardo (kg): \">550 ca.<\/td>\n                <\/tr>\n                <tr>\n                    <th data-label=\"Dimensiones d.e. (mm): \">18<\/th>\n                    <td data-label=\"Dimensiones d.e. X esp. (mm): \">1<\/td>\n                    <td data-label=\"Longitud largos (m): \">5<\/td>\n                    <td data-label=\"Largos por fardo peque\u00f1o (nr): \">10<\/td>\n                    <td data-label=\"Metros por fardo (m): \">1000<\/td>\n                    <td data-label=\"Peso por fardo (kg): \">500 ca.<\/td>\n                <\/tr>\n                <tr>\n                    <th data-label=\"Dimensiones d.e. (mm): \">22<\/th>\n                    <td data-label=\"Dimensiones d.e. X esp. (mm): \">1<\/td>\n                    <td data-label=\"Longitud largos (m): \">5<\/td>\n                    <td data-label=\"Largos por fardo peque\u00f1o (nr): \">10<\/td>\n                    <td data-label=\"Metros por fardo (m): \">1000<\/td>\n                    <td data-label=\"Peso por fardo (kg): \">600 ca.<\/td>\n                <\/tr>\n            <\/tbody>\n        <\/table>\n    <\/div><div class=\"fusion-text fusion-text-2\"><p>En acuerdo a las especificas peticiones del cliente se pueden producir los tubos seg\u00fan varias normas est\u00e1ndar o, si pedido, con di\u00e1metros, espesores y largos varios despu\u00e9s que se ha verificado la factibilidad t\u00e9cnica.<\/p>\n<\/div><\/div><\/div><\/div><\/div>\n","protected":false},"excerpt":{"rendered":"","protected":false},"author":1,"featured_media":1167,"menu_order":3,"comment_status":"closed","ping_status":"closed","template":"","format":"standard","meta":{"_acf_changed":false,"footnotes":""},"portfolio_category":[126],"portfolio_skills":[],"portfolio_tags":[],"class_list":["post-1990","avada_portfolio","type-avada_portfolio","status-publish","format-standard","has-post-thumbnail","hentry","portfolio_category-largos-semiduros-es"],"acf":[],"yoast_head":"<!-- This site is optimized with the Yoast SEO plugin v25.6 - https:\/\/yoast.com\/wordpress\/plugins\/seo\/ -->\r\n<title>Largos semiduros para aire acondicionado y refrigeraci\u00f3n - CUPRUMFOMA S.p.A.<\/title>\r\n<meta name=\"robots\" content=\"index, follow, max-snippet:-1, max-image-preview:large, max-video-preview:-1\" \/>\r\n<link rel=\"canonical\" href=\"https:\/\/www.cuprumfoma.it\/es\/tubos-en-cobre-para-aire-acondicionado-y-refrigeracion\/largos-semiduros\/\" \/>\r\n<meta property=\"og:locale\" content=\"es_ES\" \/>\r\n<meta property=\"og:type\" content=\"article\" \/>\r\n<meta property=\"og:title\" content=\"Largos semiduros para aire acondicionado y refrigeraci\u00f3n - CUPRUMFOMA S.p.A.\" \/>\r\n<meta property=\"og:url\" content=\"https:\/\/www.cuprumfoma.it\/es\/tubos-en-cobre-para-aire-acondicionado-y-refrigeracion\/largos-semiduros\/\" \/>\r\n<meta property=\"og:site_name\" content=\"CUPRUMFOMA S.p.A.\" \/>\r\n<meta property=\"article:modified_time\" content=\"2025-07-18T15:08:43+00:00\" \/>\r\n<meta property=\"og:image\" content=\"https:\/\/www.cuprumfoma.it\/wp-content\/uploads\/2025\/07\/fascio-verghe-dure.jpg\" \/>\r\n\t<meta property=\"og:image:width\" content=\"350\" \/>\r\n\t<meta property=\"og:image:height\" content=\"167\" \/>\r\n\t<meta property=\"og:image:type\" content=\"image\/jpeg\" \/>\r\n<meta name=\"twitter:card\" content=\"summary_large_image\" \/>\r\n<meta name=\"twitter:label1\" content=\"Tiempo de lectura\" \/>\n\t<meta name=\"twitter:data1\" content=\"8 minutos\" \/>\r\n<script type=\"application\/ld+json\" class=\"yoast-schema-graph\">{\"@context\":\"https:\/\/schema.org\",\"@graph\":[{\"@type\":\"WebPage\",\"@id\":\"https:\/\/www.cuprumfoma.it\/es\/tubos-en-cobre-para-aire-acondicionado-y-refrigeracion\/largos-semiduros\/\",\"url\":\"https:\/\/www.cuprumfoma.it\/es\/tubos-en-cobre-para-aire-acondicionado-y-refrigeracion\/largos-semiduros\/\",\"name\":\"Largos semiduros para aire acondicionado y refrigeraci\u00f3n - CUPRUMFOMA S.p.A.\",\"isPartOf\":{\"@id\":\"https:\/\/www.cuprumfoma.it\/es\/#website\"},\"primaryImageOfPage\":{\"@id\":\"https:\/\/www.cuprumfoma.it\/es\/tubos-en-cobre-para-aire-acondicionado-y-refrigeracion\/largos-semiduros\/#primaryimage\"},\"image\":{\"@id\":\"https:\/\/www.cuprumfoma.it\/es\/tubos-en-cobre-para-aire-acondicionado-y-refrigeracion\/largos-semiduros\/#primaryimage\"},\"thumbnailUrl\":\"https:\/\/www.cuprumfoma.it\/wp-content\/uploads\/2025\/07\/fascio-verghe-dure.jpg\",\"datePublished\":\"2024-03-10T08:00:50+00:00\",\"dateModified\":\"2025-07-18T15:08:43+00:00\",\"breadcrumb\":{\"@id\":\"https:\/\/www.cuprumfoma.it\/es\/tubos-en-cobre-para-aire-acondicionado-y-refrigeracion\/largos-semiduros\/#breadcrumb\"},\"inLanguage\":\"es\",\"potentialAction\":[{\"@type\":\"ReadAction\",\"target\":[\"https:\/\/www.cuprumfoma.it\/es\/tubos-en-cobre-para-aire-acondicionado-y-refrigeracion\/largos-semiduros\/\"]}]},{\"@type\":\"ImageObject\",\"inLanguage\":\"es\",\"@id\":\"https:\/\/www.cuprumfoma.it\/es\/tubos-en-cobre-para-aire-acondicionado-y-refrigeracion\/largos-semiduros\/#primaryimage\",\"url\":\"https:\/\/www.cuprumfoma.it\/wp-content\/uploads\/2025\/07\/fascio-verghe-dure.jpg\",\"contentUrl\":\"https:\/\/www.cuprumfoma.it\/wp-content\/uploads\/2025\/07\/fascio-verghe-dure.jpg\",\"width\":350,\"height\":167},{\"@type\":\"BreadcrumbList\",\"@id\":\"https:\/\/www.cuprumfoma.it\/es\/tubos-en-cobre-para-aire-acondicionado-y-refrigeracion\/largos-semiduros\/#breadcrumb\",\"itemListElement\":[{\"@type\":\"ListItem\",\"position\":1,\"name\":\"Home\",\"item\":\"https:\/\/www.cuprumfoma.it\/es\/\"},{\"@type\":\"ListItem\",\"position\":2,\"name\":\"Portfolio\",\"item\":\"https:\/\/www.cuprumfoma.it\/es\/portfolio-items\/\"},{\"@type\":\"ListItem\",\"position\":3,\"name\":\"Largos semiduros para aire acondicionado y refrigeraci\u00f3n\"}]},{\"@type\":\"WebSite\",\"@id\":\"https:\/\/www.cuprumfoma.it\/es\/#website\",\"url\":\"https:\/\/www.cuprumfoma.it\/es\/\",\"name\":\"CUPRUMFOMA S.p.A.\",\"description\":\"Qualit\u00e0 e organizzazione al vostro servizio\",\"publisher\":{\"@id\":\"https:\/\/www.cuprumfoma.it\/es\/#organization\"},\"potentialAction\":[{\"@type\":\"SearchAction\",\"target\":{\"@type\":\"EntryPoint\",\"urlTemplate\":\"https:\/\/www.cuprumfoma.it\/es\/?s={search_term_string}\"},\"query-input\":{\"@type\":\"PropertyValueSpecification\",\"valueRequired\":true,\"valueName\":\"search_term_string\"}}],\"inLanguage\":\"es\"},{\"@type\":\"Organization\",\"@id\":\"https:\/\/www.cuprumfoma.it\/es\/#organization\",\"name\":\"CUPRUMFOMA S.p.A.\",\"url\":\"https:\/\/www.cuprumfoma.it\/es\/\",\"logo\":{\"@type\":\"ImageObject\",\"inLanguage\":\"es\",\"@id\":\"https:\/\/www.cuprumfoma.it\/es\/#\/schema\/logo\/image\/\",\"url\":\"https:\/\/www.cuprumfoma.it\/wp-content\/uploads\/2025\/06\/logo-cuprumfoma-rame.png\",\"contentUrl\":\"https:\/\/www.cuprumfoma.it\/wp-content\/uploads\/2025\/06\/logo-cuprumfoma-rame.png\",\"width\":239,\"height\":53,\"caption\":\"CUPRUMFOMA S.p.A.\"},\"image\":{\"@id\":\"https:\/\/www.cuprumfoma.it\/es\/#\/schema\/logo\/image\/\"}}]}<\/script>\r\n<!-- \/ Yoast SEO plugin. -->","yoast_head_json":{"title":"Largos semiduros para aire acondicionado y refrigeraci\u00f3n - CUPRUMFOMA S.p.A.","robots":{"index":"index","follow":"follow","max-snippet":"max-snippet:-1","max-image-preview":"max-image-preview:large","max-video-preview":"max-video-preview:-1"},"canonical":"https:\/\/www.cuprumfoma.it\/es\/tubos-en-cobre-para-aire-acondicionado-y-refrigeracion\/largos-semiduros\/","og_locale":"es_ES","og_type":"article","og_title":"Largos semiduros para aire acondicionado y refrigeraci\u00f3n - CUPRUMFOMA S.p.A.","og_url":"https:\/\/www.cuprumfoma.it\/es\/tubos-en-cobre-para-aire-acondicionado-y-refrigeracion\/largos-semiduros\/","og_site_name":"CUPRUMFOMA S.p.A.","article_modified_time":"2025-07-18T15:08:43+00:00","og_image":[{"width":350,"height":167,"url":"https:\/\/www.cuprumfoma.it\/wp-content\/uploads\/2025\/07\/fascio-verghe-dure.jpg","type":"image\/jpeg"}],"twitter_card":"summary_large_image","twitter_misc":{"Tiempo de lectura":"8 minutos"},"schema":{"@context":"https:\/\/schema.org","@graph":[{"@type":"WebPage","@id":"https:\/\/www.cuprumfoma.it\/es\/tubos-en-cobre-para-aire-acondicionado-y-refrigeracion\/largos-semiduros\/","url":"https:\/\/www.cuprumfoma.it\/es\/tubos-en-cobre-para-aire-acondicionado-y-refrigeracion\/largos-semiduros\/","name":"Largos semiduros para aire acondicionado y refrigeraci\u00f3n - CUPRUMFOMA S.p.A.","isPartOf":{"@id":"https:\/\/www.cuprumfoma.it\/es\/#website"},"primaryImageOfPage":{"@id":"https:\/\/www.cuprumfoma.it\/es\/tubos-en-cobre-para-aire-acondicionado-y-refrigeracion\/largos-semiduros\/#primaryimage"},"image":{"@id":"https:\/\/www.cuprumfoma.it\/es\/tubos-en-cobre-para-aire-acondicionado-y-refrigeracion\/largos-semiduros\/#primaryimage"},"thumbnailUrl":"https:\/\/www.cuprumfoma.it\/wp-content\/uploads\/2025\/07\/fascio-verghe-dure.jpg","datePublished":"2024-03-10T08:00:50+00:00","dateModified":"2025-07-18T15:08:43+00:00","breadcrumb":{"@id":"https:\/\/www.cuprumfoma.it\/es\/tubos-en-cobre-para-aire-acondicionado-y-refrigeracion\/largos-semiduros\/#breadcrumb"},"inLanguage":"es","potentialAction":[{"@type":"ReadAction","target":["https:\/\/www.cuprumfoma.it\/es\/tubos-en-cobre-para-aire-acondicionado-y-refrigeracion\/largos-semiduros\/"]}]},{"@type":"ImageObject","inLanguage":"es","@id":"https:\/\/www.cuprumfoma.it\/es\/tubos-en-cobre-para-aire-acondicionado-y-refrigeracion\/largos-semiduros\/#primaryimage","url":"https:\/\/www.cuprumfoma.it\/wp-content\/uploads\/2025\/07\/fascio-verghe-dure.jpg","contentUrl":"https:\/\/www.cuprumfoma.it\/wp-content\/uploads\/2025\/07\/fascio-verghe-dure.jpg","width":350,"height":167},{"@type":"BreadcrumbList","@id":"https:\/\/www.cuprumfoma.it\/es\/tubos-en-cobre-para-aire-acondicionado-y-refrigeracion\/largos-semiduros\/#breadcrumb","itemListElement":[{"@type":"ListItem","position":1,"name":"Home","item":"https:\/\/www.cuprumfoma.it\/es\/"},{"@type":"ListItem","position":2,"name":"Portfolio","item":"https:\/\/www.cuprumfoma.it\/es\/portfolio-items\/"},{"@type":"ListItem","position":3,"name":"Largos semiduros para aire acondicionado y refrigeraci\u00f3n"}]},{"@type":"WebSite","@id":"https:\/\/www.cuprumfoma.it\/es\/#website","url":"https:\/\/www.cuprumfoma.it\/es\/","name":"CUPRUMFOMA S.p.A.","description":"Qualit\u00e0 e organizzazione al vostro servizio","publisher":{"@id":"https:\/\/www.cuprumfoma.it\/es\/#organization"},"potentialAction":[{"@type":"SearchAction","target":{"@type":"EntryPoint","urlTemplate":"https:\/\/www.cuprumfoma.it\/es\/?s={search_term_string}"},"query-input":{"@type":"PropertyValueSpecification","valueRequired":true,"valueName":"search_term_string"}}],"inLanguage":"es"},{"@type":"Organization","@id":"https:\/\/www.cuprumfoma.it\/es\/#organization","name":"CUPRUMFOMA S.p.A.","url":"https:\/\/www.cuprumfoma.it\/es\/","logo":{"@type":"ImageObject","inLanguage":"es","@id":"https:\/\/www.cuprumfoma.it\/es\/#\/schema\/logo\/image\/","url":"https:\/\/www.cuprumfoma.it\/wp-content\/uploads\/2025\/06\/logo-cuprumfoma-rame.png","contentUrl":"https:\/\/www.cuprumfoma.it\/wp-content\/uploads\/2025\/06\/logo-cuprumfoma-rame.png","width":239,"height":53,"caption":"CUPRUMFOMA S.p.A."},"image":{"@id":"https:\/\/www.cuprumfoma.it\/es\/#\/schema\/logo\/image\/"}}]}},"_links":{"self":[{"href":"https:\/\/www.cuprumfoma.it\/es\/wp-json\/wp\/v2\/avada_portfolio\/1990","targetHints":{"allow":["GET"]}}],"collection":[{"href":"https:\/\/www.cuprumfoma.it\/es\/wp-json\/wp\/v2\/avada_portfolio"}],"about":[{"href":"https:\/\/www.cuprumfoma.it\/es\/wp-json\/wp\/v2\/types\/avada_portfolio"}],"author":[{"embeddable":true,"href":"https:\/\/www.cuprumfoma.it\/es\/wp-json\/wp\/v2\/users\/1"}],"replies":[{"embeddable":true,"href":"https:\/\/www.cuprumfoma.it\/es\/wp-json\/wp\/v2\/comments?post=1990"}],"version-history":[{"count":2,"href":"https:\/\/www.cuprumfoma.it\/es\/wp-json\/wp\/v2\/avada_portfolio\/1990\/revisions"}],"predecessor-version":[{"id":1992,"href":"https:\/\/www.cuprumfoma.it\/es\/wp-json\/wp\/v2\/avada_portfolio\/1990\/revisions\/1992"}],"wp:featuredmedia":[{"embeddable":true,"href":"https:\/\/www.cuprumfoma.it\/es\/wp-json\/wp\/v2\/media\/1167"}],"wp:attachment":[{"href":"https:\/\/www.cuprumfoma.it\/es\/wp-json\/wp\/v2\/media?parent=1990"}],"wp:term":[{"taxonomy":"portfolio_category","embeddable":true,"href":"https:\/\/www.cuprumfoma.it\/es\/wp-json\/wp\/v2\/portfolio_category?post=1990"},{"taxonomy":"portfolio_skills","embeddable":true,"href":"https:\/\/www.cuprumfoma.it\/es\/wp-json\/wp\/v2\/portfolio_skills?post=1990"},{"taxonomy":"portfolio_tags","embeddable":true,"href":"https:\/\/www.cuprumfoma.it\/es\/wp-json\/wp\/v2\/portfolio_tags?post=1990"}],"curies":[{"name":"wp","href":"https:\/\/api.w.org\/{rel}","templated":true}]}}